{"version":"1.0","provider_name":"Amor, paz caridad","provider_url":"https:\/\/amorpazy-cp515.wordpresstemporal.com\/amorpazycaridad.es","author_name":"Ferm\u00edn Hern\u00e1ndez Hern\u00e1ndez","author_url":"https:\/\/amorpazy-cp515.wordpresstemporal.com\/amorpazycaridad.es\/author\/fermin\/","title":"LOS MOVIMIENTOS SOCIALES | Amor, paz caridad","type":"rich","width":600,"height":338,"html":"<blockquote class=\"wp-embedded-content\" data-secret=\"9C77IJn5hA\"><a href=\"https:\/\/amorpazy-cp515.wordpresstemporal.com\/amorpazycaridad.es\/los-movimientos-sociales\/\">LOS MOVIMIENTOS SOCIALES<\/a><\/blockquote><iframe sandbox=\"allow-scripts\" security=\"restricted\" src=\"https:\/\/amorpazy-cp515.wordpresstemporal.com\/amorpazycaridad.es\/los-movimientos-sociales\/embed\/#?secret=9C77IJn5hA\" width=\"600\" height=\"338\" title=\"\u00abLOS MOVIMIENTOS SOCIALES\u00bb \u2014 Amor, paz caridad\" data-secret=\"9C77IJn5hA\" frameborder=\"0\" marginwidth=\"0\" marginheight=\"0\" scrolling=\"no\" class=\"wp-embedded-content\"><\/iframe><script type=\"text\/javascript\">\n\/* <![CDATA[ *\/\n\/*! This file is auto-generated *\/\n!function(d,l){\"use strict\";l.querySelector&&d.addEventListener&&\"undefined\"!=typeof URL&&(d.wp=d.wp||{},d.wp.receiveEmbedMessage||(d.wp.receiveEmbedMessage=function(e){var t=e.data;if((t||t.secret||t.message||t.value)&&!\/[^a-zA-Z0-9]\/.test(t.secret)){for(var s,r,n,a=l.querySelectorAll('iframe[data-secret=\"'+t.secret+'\"]'),o=l.querySelectorAll('blockquote[data-secret=\"'+t.secret+'\"]'),c=new RegExp(\"^https?:$\",\"i\"),i=0;i<o.length;i++)o[i].style.display=\"none\";for(i=0;i<a.length;i++)s=a[i],e.source===s.contentWindow&&(s.removeAttribute(\"style\"),\"height\"===t.message?(1e3<(r=parseInt(t.value,10))?r=1e3:~~r<200&&(r=200),s.height=r):\"link\"===t.message&&(r=new URL(s.getAttribute(\"src\")),n=new URL(t.value),c.test(n.protocol))&&n.host===r.host&&l.activeElement===s&&(d.top.location.href=t.value))}},d.addEventListener(\"message\",d.wp.receiveEmbedMessage,!1),l.addEventListener(\"DOMContentLoaded\",function(){for(var e,t,s=l.querySelectorAll(\"iframe.wp-embedded-content\"),r=0;r<s.length;r++)(t=(e=s[r]).getAttribute(\"data-secret\"))||(t=Math.random().toString(36).substring(2,12),e.src+=\"#?secret=\"+t,e.setAttribute(\"data-secret\",t)),e.contentWindow.postMessage({message:\"ready\",secret:t},\"*\")},!1)))}(window,document);\n\/\/# sourceURL=https:\/\/amorpazy-cp515.wordpresstemporal.com\/amorpazycaridad.es\/wp-includes\/js\/wp-embed.min.js\n\/* ]]> *\/\n<\/script>\n","description":"\u00a0 A poco que observemos, podemos apreciar que en la humanidad se est\u00e1 gestando un cambio. Este es un cambio de mentalidad en muchos sectores de la sociedad, especialmente en los j\u00f3venes. Se le ha dado por llamar movimientos sociales. Asimismo en todos los pa\u00edses est\u00e1n proliferando desde hace ya algunas d\u00e9cadas organizaciones no gubernamentales, [&hellip;]"}