{"version":"1.0","provider_name":"Amor, paz caridad","provider_url":"https:\/\/amorpazy-cp515.wordpresstemporal.com\/amorpazycaridad.es","author_name":"Antonio Lled\u00f3 Flor","author_url":"https:\/\/amorpazy-cp515.wordpresstemporal.com\/amorpazycaridad.es\/author\/antonio\/","title":"CR\u00d3NICA XVI JORNADAS AIPE | Amor, paz caridad","type":"rich","width":600,"height":338,"html":"<blockquote class=\"wp-embedded-content\" data-secret=\"yiwChvpz8n\"><a href=\"https:\/\/amorpazy-cp515.wordpresstemporal.com\/amorpazycaridad.es\/cronica-xvi-jornadas-aipe\/\">CR\u00d3NICA XVI JORNADAS AIPE<\/a><\/blockquote><iframe sandbox=\"allow-scripts\" security=\"restricted\" src=\"https:\/\/amorpazy-cp515.wordpresstemporal.com\/amorpazycaridad.es\/cronica-xvi-jornadas-aipe\/embed\/#?secret=yiwChvpz8n\" width=\"600\" height=\"338\" title=\"\u00abCR\u00d3NICA XVI JORNADAS AIPE\u00bb \u2014 Amor, paz caridad\" data-secret=\"yiwChvpz8n\" frameborder=\"0\" marginwidth=\"0\" marginheight=\"0\" scrolling=\"no\" class=\"wp-embedded-content\"><\/iframe><script type=\"text\/javascript\">\n\/* <![CDATA[ *\/\n\/*! This file is auto-generated *\/\n!function(d,l){\"use strict\";l.querySelector&&d.addEventListener&&\"undefined\"!=typeof URL&&(d.wp=d.wp||{},d.wp.receiveEmbedMessage||(d.wp.receiveEmbedMessage=function(e){var t=e.data;if((t||t.secret||t.message||t.value)&&!\/[^a-zA-Z0-9]\/.test(t.secret)){for(var s,r,n,a=l.querySelectorAll('iframe[data-secret=\"'+t.secret+'\"]'),o=l.querySelectorAll('blockquote[data-secret=\"'+t.secret+'\"]'),c=new RegExp(\"^https?:$\",\"i\"),i=0;i<o.length;i++)o[i].style.display=\"none\";for(i=0;i<a.length;i++)s=a[i],e.source===s.contentWindow&&(s.removeAttribute(\"style\"),\"height\"===t.message?(1e3<(r=parseInt(t.value,10))?r=1e3:~~r<200&&(r=200),s.height=r):\"link\"===t.message&&(r=new URL(s.getAttribute(\"src\")),n=new URL(t.value),c.test(n.protocol))&&n.host===r.host&&l.activeElement===s&&(d.top.location.href=t.value))}},d.addEventListener(\"message\",d.wp.receiveEmbedMessage,!1),l.addEventListener(\"DOMContentLoaded\",function(){for(var e,t,s=l.querySelectorAll(\"iframe.wp-embedded-content\"),r=0;r<s.length;r++)(t=(e=s[r]).getAttribute(\"data-secret\"))||(t=Math.random().toString(36).substring(2,12),e.src+=\"#?secret=\"+t,e.setAttribute(\"data-secret\",t)),e.contentWindow.postMessage({message:\"ready\",secret:t},\"*\")},!1)))}(window,document);\n\/\/# sourceURL=https:\/\/amorpazy-cp515.wordpresstemporal.com\/amorpazycaridad.es\/wp-includes\/js\/wp-embed.min.js\n\/* ]]> *\/\n<\/script>\n","thumbnail_url":"https:\/\/amorpazy-cp515.wordpresstemporal.com\/amorpazycaridad.es\/wp-content\/uploads\/2015\/04\/jornadas-integracion.jpg","thumbnail_width":750,"thumbnail_height":350,"description":"\u00abEl despertar de la humanidad\u00bb Del 2 al 4 de Abril de este a\u00f1o, se han celebrado en Orense, las XVI Jornadas de Integraci\u00f3n Humana organizadas por la Asociaci\u00f3n para el Conocimiento Espiritual de Orense (ACE) que esta instituci\u00f3n, adherida \u00a0a AIPE, organiza cada a\u00f1o. Respondiendo a una afectuosa invitaci\u00f3n de su organizadora, D\u00aa Rosa [&hellip;]"}